{"id":15,"date":"2018-03-05T20:24:10","date_gmt":"2018-03-05T20:24:10","guid":{"rendered":"http:\/\/www.spartakvalasskeklobouky.cz\/?page_id=15"},"modified":"2021-08-26T15:34:20","modified_gmt":"2021-08-26T15:34:20","slug":"aktuality","status":"publish","type":"page","link":"https:\/\/www.spartakvalasskeklobouky.cz\/","title":{"rendered":"Aktuality"},"content":{"rendered":"\n<p>TJ Spartak Vala\u0161sk\u00e9 Klobouky po\u0159\u00e1d\u00e1 n\u00e1bor mlad\u00fdch fotbalist\u016f, kter\u00fd bude prob\u00edhat ve dvou term\u00ednech, a to v\u017edy ve\u00a0<strong>\u010dtvrtek 26.8. a 9.9. od 17:00\u00a0<\/strong>na fotbalov\u00e9m h\u0159i\u0161ti na n\u00e1dra\u017e\u00ed. N\u00e1bor nen\u00ed v\u011bkov\u011b omezen, dostavit se m\u016f\u017ee ka\u017ed\u00fd, kdo m\u00e1 chu\u0165 se h\u00fdbat a u\u017e\u00edt si odpoledne s kamar\u00e1dy nebo rodi\u010di. O zaj\u00edmav\u00fd program pro d\u011bti a rodi\u010de se postaraj\u00ed m\u00edstn\u00ed fotbalisti. Tak nev\u00e1hej a p\u0159ij\u010f, klidn\u011b i Ty se m\u016f\u017ee\u0161 st\u00e1t nov\u00fdm Baro\u0161em&#8230;<br>Za po\u0159adatele zve \u0160uchma Michal<\/p>\n\n\n\n<figure class=\"wp-block-image size-large\"><img loading=\"lazy\" width=\"1024\" height=\"721\" src=\"https:\/\/www.spartakvalasskeklobouky.cz\/wp-content\/uploads\/2021\/08\/Nabor-1024x721.jpg\" alt=\"\" class=\"wp-image-561\" srcset=\"https:\/\/www.spartakvalasskeklobouky.cz\/wp-content\/uploads\/2021\/08\/Nabor-1024x721.jpg 1024w, https:\/\/www.spartakvalasskeklobouky.cz\/wp-content\/uploads\/2021\/08\/Nabor-300x211.jpg 300w, https:\/\/www.spartakvalasskeklobouky.cz\/wp-content\/uploads\/2021\/08\/Nabor-768x541.jpg 768w, https:\/\/www.spartakvalasskeklobouky.cz\/wp-content\/uploads\/2021\/08\/Nabor-750x528.jpg 750w, https:\/\/www.spartakvalasskeklobouky.cz\/wp-content\/uploads\/2021\/08\/Nabor.jpg 1236w\" sizes=\"(max-width: 1024px) 100vw, 1024px\" \/><\/figure>\n\n\n\n<figure class=\"wp-block-table is-style-stripes\"><table><tbody><tr><td> MU\u017dI A<\/td><td><\/td><\/tr><tr><td>kolo<\/td><td>datum<\/td><td>den<\/td><td>soupe\u0159<\/td><td>D\/V<\/td><td>\u010das<\/td><td>odjezd<\/td><\/tr><tr><td>2<\/td><td>8.8.<\/td><td>NE<\/td><td>Myslo\u010dovice A<\/td><td>D<\/td><td>17:00<\/td><td><\/td><\/tr><tr><td>3<\/td><td>15.8.<\/td><td>NE<\/td><td>Mladcov\u00e1 B<\/td><td>V<\/td><td>16:30<\/td><td>14:30<\/td><\/tr><tr><td>4<\/td><td>21.8.<\/td><td>SO<\/td><td>Hvozdn\u00e1<\/td><td>V<\/td><td>16:30<\/td><td>14:45<\/td><\/tr><tr><td>5<\/td><td>29.8.<\/td><td>NE<\/td><td>N\u00e1vojn\u00e1<\/td><td>D<\/td><td>16:00<\/td><td><\/td><\/tr><tr><td>6<\/td><td>5.9.<\/td><td>NE<\/td><td>\u00dajezd<\/td><td>V<\/td><td>16:00<\/td><td>14:45<\/td><\/tr><tr><td>7<\/td><td>12.9.<\/td><td>NE<\/td><td>Pozlovice<\/td><td>D<\/td><td>15:30<\/td><td><\/td><\/tr><tr><td>8<\/td><td>19.9.<\/td><td>NE<\/td><td>Pote\u010d<\/td><td>V<\/td><td>15:30<\/td><td><\/td><\/tr><tr><td>9<\/td><td>26.9.<\/td><td>NE<\/td><td>Slu\u0161ovice B<\/td><td>D<\/td><td>15:00<\/td><td><\/td><\/tr><tr><td>10<\/td><td>3.10.<\/td><td>NE<\/td><td>\u0160t\u00edpa<\/td><td>V<\/td><td>15:00<\/td><td>13:15<\/td><\/tr><tr><td>13<\/td><td>24.10.<\/td><td>NE<\/td><td>Slopn\u00e9<\/td><td>D<\/td><td>13:30<\/td><td><\/td><\/tr><tr><td>1<\/td><td>31.10.<\/td><td>NE<\/td><td>Jasenn\u00e1<\/td><td>V<\/td><td>13:30<\/td><td>12:00<\/td><\/tr><\/tbody><\/table><\/figure>\n\n\n\n<figure class=\"wp-block-table is-style-stripes\"><table><tbody><tr><td>&nbsp;&nbsp;MU\u017dI B<\/td><td>\ufeff<\/td><\/tr><tr><td>kolo<\/td><td>datum<\/td><td>den<\/td><td>soupe\u0159<\/td><td>D\/V<\/td><td>\u010das<\/td><td>odjezd<\/td><\/tr><tr><td>2<\/td><td>22.8.<\/td><td>NE<\/td><td>Lou\u010dka<\/td><td>V<\/td><td>16:30<\/td><td>15:15<\/td><\/tr><tr><td>3<\/td><td>29.8.<\/td><td>NE<\/td><td>Dobrkovice<\/td><td>V<\/td><td>10:00<\/td><td>8:45<\/td><\/tr><tr><td>4<\/td><td>4.9.<\/td><td>SO<\/td><td>Jest\u0159ab\u00ed<\/td><td>D<\/td><td>16:00<\/td><td>\ufeff<\/td><\/tr><tr><td>5<\/td><td>12.9.<\/td><td>\ufeff<\/td><td>VOLNO<\/td><td>\ufeff<\/td><td>\ufeff<\/td><td>\ufeff<\/td><\/tr><tr><td>6<\/td><td>18.9.<\/td><td>SO<\/td><td>Tichov<\/td><td>D<\/td><td>15:30<\/td><td>\ufeff<\/td><\/tr><tr><td>7<\/td><td>25.9.<\/td><td>SO<\/td><td>H\u0159iv\u00edn\u016fv \u00dajezd<\/td><td>V<\/td><td>15:00<\/td><td>13:45<\/td><\/tr><tr><td>8<\/td><td>2.10.<\/td><td>SO<\/td><td>Smolina<\/td><td>D<\/td><td>15:00<\/td><td>\ufeff<\/td><\/tr><tr><td>9<\/td><td>9.10.<\/td><td>SO<\/td><td>Horn\u00ed Lhota<\/td><td>V<\/td><td>14:30<\/td><td>13:15<\/td><\/tr><tr><td>1<\/td><td>16.10.<\/td><td>SO<\/td><td>Neda\u0161ov B<\/td><td>D<\/td><td>14:30<\/td><td>\ufeff<\/td><\/tr><\/tbody><\/table><\/figure>\n\n\n\n<figure class=\"wp-block-table is-style-stripes\"><table><tbody><tr><td>DOROST VK+BRUMOV<\/td><td><\/td><\/tr><tr><td>kolo<\/td><td>datum<\/td><td>den<\/td><td>soupe\u0159<\/td><td>D\/V<\/td><td>\u010das<\/td><td>odjezd<\/td><\/tr><tr><td>2<\/td><td>7.8.<\/td><td>SO<\/td><td>Luha\u010dovice<\/td><td>V<\/td><td>10:00<\/td><td>8:30<\/td><\/tr><tr><td>3<\/td><td>14.8.<\/td><td>SO<\/td><td>Ro\u017enov<\/td><td>D<\/td><td>10:00<\/td><td><\/td><\/tr><tr><td>4<\/td><td>22.8.<\/td><td>NE<\/td><td>Bojkovice<\/td><td>V<\/td><td>14:00<\/td><td>13:45<\/td><\/tr><tr><td>5<\/td><td>28.8.<\/td><td>SO<\/td><td>Ba\u0165ov<\/td><td>D<\/td><td>10:00<\/td><td><\/td><\/tr><tr><td>6<\/td><td>5.9.<\/td><td>NE<\/td><td>V.Otrokovice<\/td><td>V<\/td><td>10:00<\/td><td>8:00<\/td><\/tr><tr><td>7<\/td><td>11.9.<\/td><td>SO<\/td><td>Uh. Brod (Orel)<\/td><td>D<\/td><td>10:00<\/td><td><\/td><\/tr><tr><td>8<\/td><td>18.9.<\/td><td>SO<\/td><td>Star\u00e9 M\u011bsto (\u0160ir\u016fch)<\/td><td>V<\/td><td>13:00<\/td><td>10:45<\/td><\/tr><tr><td>9<\/td><td>25.9.<\/td><td>SO<\/td><td>Str\u00e1n\u00ed<\/td><td>D<\/td><td>10:00<\/td><td><\/td><\/tr><tr><td>10<\/td><td>2.10.<\/td><td>SO<\/td><td>Slavi\u010d\u00edn<\/td><td>V<\/td><td>10:00<\/td><td>8:45<\/td><\/tr><tr><td>11<\/td><td>9.10.<\/td><td>SO<\/td><td>SK Zl\u00edn &#8211; Lu\u017ekovice<\/td><td>D<\/td><td>10:00<\/td><td><\/td><\/tr><tr><td>13<\/td><td>23.10.<\/td><td>SO<\/td><td>Kunovice<\/td><td>V<\/td><td>10:00<\/td><td>8:00<\/td><\/tr><tr><td>1<\/td><td>30.10.<\/td><td>SO<\/td><td>Hole\u0161ov<\/td><td>D<\/td><td>10:00<\/td><td><\/td><\/tr><\/tbody><\/table><\/figure>\n\n\n\n<figure class=\"wp-block-table is-style-stripes\"><table><tbody><tr><td>MLAD\u0160\u00cd \u017d\u00c1CI <br>VK+P\u0158\u00cdKAZY<\/td><\/tr><tr><td>kolo<\/td><td>datum<\/td><td>den<\/td><td>soupe\u0159<\/td><td>D\/V<\/td><td>\u010das<\/td><td>odjezd<\/td><\/tr><tr><td>2<\/td><td>19.8.<\/td><td>\u010cT<\/td><td>Vlachovice<\/td><td>D<\/td><td>17:00<\/td><td><\/td><\/tr><tr><td>4<\/td><td>2.9.<\/td><td>\u010cT<\/td><td>Vizovice<\/td><td>D<\/td><td>17:00<\/td><td><\/td><\/tr><tr><td>5<\/td><td>9.9.<\/td><td>\u010cT<\/td><td>\u0160t\u00edtn\u00e1<\/td><td>V<\/td><td>17:00<\/td><td>16:15<\/td><\/tr><tr><td>3<\/td><td>15.9.<\/td><td>ST<\/td><td>Horn\u00ed Lhota<\/td><td>V<\/td><td>17:00<\/td><td>16:00<\/td><\/tr><tr><td>6<\/td><td>23.9.<\/td><td>\u010cT<\/td><td>Neda\u0161ov<\/td><td>D<\/td><td>17:00<\/td><td><\/td><\/tr><tr><td>7<\/td><td>30.9.<\/td><td>\u010cT<\/td><td>Pote\u010d<\/td><td>D<\/td><td>17:00<\/td><td><\/td><\/tr><tr><td>8<\/td><td>9.10.<\/td><td>SO<\/td><td>Vlachovice<\/td><td>V<\/td><td>11:15<\/td><td>10:30<\/td><\/tr><tr><td>9<\/td><td>14.10.<\/td><td>\u010cT<\/td><td>Horn\u00ed Lhota<\/td><td>D<\/td><td>17:00<\/td><td><\/td><\/tr><tr><td>1<\/td><td>24.10.<\/td><td>NE<\/td><td>Pote\u010d<\/td><td>V<\/td><td>12:30<\/td><td><\/td><\/tr><\/tbody><\/table><\/figure>\n\n\n\n<figure class=\"wp-block-table is-style-stripes\"><table><tbody><tr><td>STAR\u0160\u00cd \u017d\u00c1CI<br>VK+P\u0158\u00cdKAZY<\/td><td><\/td><td><\/td><td><\/td><td><\/td><\/tr><tr><td>datum<\/td><td>den<\/td><td>soupe\u0159<\/td><td>D\/V<\/td><td>\u010das<\/td><\/tr><tr><td>22.8.<\/td><td>NE<\/td><td>Vizovice<\/td><td>D<\/td><td>10:15<\/td><\/tr><tr><td>29.8<\/td><td>NE<\/td><td>Vysok\u00e9 Pole<\/td><td>V<\/td><td>13:00<\/td><\/tr><tr><td>5.9.<\/td><td>NE<\/td><td>Neda\u0161ov<\/td><td>D<\/td><td>10:15<\/td><\/tr><tr><td>12.9.<\/td><td>NE<\/td><td>Slu\u0161ovice<\/td><td>V<\/td><td>10:00<\/td><\/tr><tr><td>19.9.<\/td><td>NE<\/td><td>\u0160t\u00edtn\u00e1&nbsp;<\/td><td>D<\/td><td>10:15<\/td><\/tr><tr><td>26.9.<\/td><td>NE<\/td><td>B\u0159eznice<\/td><td>V<\/td><td>12:30<\/td><\/tr><tr><td>3.10.<\/td><td>NE<\/td><td>H\u0159iv\u00edn\u016fv \u00dajezd<\/td><td>D<\/td><td>10:15<\/td><\/tr><tr><td>10.10.<\/td><td>NE<\/td><td>Bylnice<\/td><td>V<\/td><td>12:30<\/td><\/tr><tr><td>17.10.<\/td><td>NE<\/td><td>Vlachovice<\/td><td>D<\/td><td>10:15<\/td><\/tr><\/tbody><\/table><\/figure>\n\n\n\n<p><\/p>\n\n\n\n<p><strong>Aktu\u00e1ln\u00ed podm\u00ednky pro \u00fa\u010dast v\u0161ech osob na utk\u00e1n\u00ed (osob p\u0159\u00edmo se \u00fa\u010dastn\u00edc\u00edch i div\u00e1k\u016f):<\/strong><\/p>\n\n\n\n<p>a) osoba absolvovala nejd\u00e9le p\u0159ed 7 dny RT-PCR vy\u0161et\u0159en\u00ed na p\u0159\u00edtomnost viru SARS-CoV-2 s negativn\u00edm v\u00fdsledkem, nebo<\/p>\n\n\n\n<p>b) osoba absolvovala nejd\u00e9le p\u0159ed 72 hodinami POC test na p\u0159\u00edtomnost antigenu viru SARSCoV-2 s negativn\u00edm v\u00fdsledkem, nebo<\/p>\n\n\n\n<p>c) osoba byla o\u010dkov\u00e1na proti onemocn\u011bn\u00ed covid-19 a dolo\u017e\u00ed jej n\u00e1rodn\u00edm certifik\u00e1tem o proveden\u00e9m o\u010dkov\u00e1n\u00ed, nebo<\/p>\n\n\n\n<p>d) osoba prod\u011blala laboratorn\u011b potvrzen\u00e9 onemocn\u011bn\u00ed covid-19, uplynula u n\u00ed doba izolace podle platn\u00e9ho mimo\u0159\u00e1dn\u00e9ho opat\u0159en\u00ed Ministerstva zdravotnictv\u00ed a od prvn\u00edho pozitivn\u00edho POC antigenn\u00edho testu na p\u0159\u00edtomnost antigenu viru SARS-CoV-2 nebo RT-PCR testu na p\u0159\u00edtomnost viru SARS-CoV-2 neuplynulo v\u00edce ne\u017e 180 dn\u00ed, nebo<\/p>\n\n\n\n<p>e) osoba na m\u00edst\u011b podstoup\u00ed preventivn\u00ed antigenn\u00ed test na stanoven\u00ed p\u0159\u00edtomnosti antigenu viru SARS-CoV-2, kter\u00fd je ur\u010den pro sebetestov\u00e1n\u00ed nebo povolen\u00fd Ministerstvem zdravotnictv\u00ed k pou\u017eit\u00ed laickou osobou, s negativn\u00edm v\u00fdsledkem,<\/p>\n\n\n\n<p>f) osoba ve \u0161kole nebo \u0161kolsk\u00e9m za\u0159\u00edzen\u00ed absolvovala podle jin\u00e9ho mimo\u0159\u00e1dn\u00e9ho opat\u0159en\u00ed Ministerstva zdravotnictv\u00ed nejd\u00e9le p\u0159ed 72 hodinami test na stanoven\u00ed p\u0159\u00edtomnosti antigenu viru SARS-CoV-2, kter\u00fd je ur\u010den pro sebetestov\u00e1n\u00ed nebo povolen\u00fd Ministerstvem zdravotnictv\u00ed k pou\u017eit\u00ed laickou osobou, s negativn\u00edm v\u00fdsledkem, tato skute\u010dnost se dokl\u00e1d\u00e1 \u010destn\u00fdm prohl\u00e1\u0161en\u00edm, resp. \u010destn\u00fdm prohl\u00e1\u0161en\u00edm z\u00e1konn\u00e9ho z\u00e1stupce osoby nebo potvrzen\u00edm \u0161koly.<\/p>\n\n\n\n<p>Aktu\u00e1ln\u011b platn\u00e1 opat\u0159en\u00ed MZ\u010cR v pln\u00e9m zn\u011bn\u00ed jsou zve\u0159ej\u0148ov\u00e1na na internetov\u00fdch str\u00e1nk\u00e1ch vlada.cz<\/p>\n\n\n\n<p>18.12.2020<\/p>\n\n\n\n<p class=\"has-black-color has-text-color\"><strong>Tj Spartak Vala\u0161sk\u00e9 Klobouky byl usp\u011b\u0161n\u00fd v \u010derp\u00e1n\u00ed neinvesti\u010dn\u00ed  dotace MaS03- 20\/149 z fondu Zlinsk\u00e9ho kraje na \u010dinnost a rozvoj mlade\u017enick\u00e9ho sportu.<\/strong><\/p>\n","protected":false},"excerpt":{"rendered":"<p>TJ Spartak Vala\u0161sk\u00e9 Klobouky po\u0159\u00e1d\u00e1 n\u00e1bor mlad\u00fdch fotbalist\u016f, kter\u00fd bude prob\u00edhat ve dvou term\u00ednech, a to v\u017edy ve\u00a0\u010dtvrtek 26.8. a 9.9. od 17:00\u00a0na fotbalov\u00e9m h\u0159i\u0161ti na n\u00e1dra\u017e\u00ed. N\u00e1bor nen\u00ed v\u011bkov\u011b omezen, dostavit se m\u016f\u017ee ka\u017ed\u00fd, kdo m\u00e1 chu\u0165 se h\u00fdbat a u\u017e\u00edt si odpoledne s kamar\u00e1dy nebo rodi\u010di. O zaj\u00edmav\u00fd program pro d\u011bti a rodi\u010de se postaraj\u00ed m\u00edstn\u00ed fotbalisti. Tak nev\u00e1hej a p\u0159ij\u010f, klidn\u011b i Ty se m\u016f\u017ee\u0161 st\u00e1t nov\u00fdm Baro\u0161em&#8230;Za po\u0159adatele zve \u0160uchma Michal MU\u017dI A kolo datum den soupe\u0159 D\/V \u010das odjezd 2 8.8. NE Myslo\u010dovice A D 17:00 3 15.8. NE Mladcov\u00e1&hellip;<a href=\"https:\/\/www.spartakvalasskeklobouky.cz\/\" class=\"more-link\">Continue reading <span class=\"screen-reader-text\">Aktuality<\/span><\/a><\/p>\n","protected":false},"author":1,"featured_media":373,"parent":0,"menu_order":0,"comment_status":"closed","ping_status":"closed","template":"","meta":[],"_links":{"self":[{"href":"https:\/\/www.spartakvalasskeklobouky.cz\/index.php\/wp-json\/wp\/v2\/pages\/15"}],"collection":[{"href":"https:\/\/www.spartakvalasskeklobouky.cz\/index.php\/wp-json\/wp\/v2\/pages"}],"about":[{"href":"https:\/\/www.spartakvalasskeklobouky.cz\/index.php\/wp-json\/wp\/v2\/types\/page"}],"author":[{"embeddable":true,"href":"https:\/\/www.spartakvalasskeklobouky.cz\/index.php\/wp-json\/wp\/v2\/users\/1"}],"replies":[{"embeddable":true,"href":"https:\/\/www.spartakvalasskeklobouky.cz\/index.php\/wp-json\/wp\/v2\/comments?post=15"}],"version-history":[{"count":28,"href":"https:\/\/www.spartakvalasskeklobouky.cz\/index.php\/wp-json\/wp\/v2\/pages\/15\/revisions"}],"predecessor-version":[{"id":562,"href":"https:\/\/www.spartakvalasskeklobouky.cz\/index.php\/wp-json\/wp\/v2\/pages\/15\/revisions\/562"}],"wp:featuredmedia":[{"embeddable":true,"href":"https:\/\/www.spartakvalasskeklobouky.cz\/index.php\/wp-json\/wp\/v2\/media\/373"}],"wp:attachment":[{"href":"https:\/\/www.spartakvalasskeklobouky.cz\/index.php\/wp-json\/wp\/v2\/media?parent=15"}],"curies":[{"name":"wp","href":"https:\/\/api.w.org\/{rel}","templated":true}]}}